{"id":12571,"date":"2024-10-01T09:32:50","date_gmt":"2024-10-01T09:32:50","guid":{"rendered":"https:\/\/masterplan-wissenschaft.de\/?page_id=12571"},"modified":"2024-11-05T09:47:19","modified_gmt":"2024-11-05T09:47:19","slug":"general-assembly-des-forum-for-european-journalism-students-an-der-tu-dortmund","status":"publish","type":"page","link":"https:\/\/masterplan-wissenschaft.de\/en\/general-assembly-des-forum-for-european-journalism-students-an-der-tu-dortmund\/","title":{"rendered":"General Assembly des Forum for European Journalism Students an der TU Dortmund"},"content":{"rendered":"<p>[et_pb_section fb_built=&#8220;1&#8243; module_id=&#8220;exzellenz-vernetzung&#8220; _builder_version=&#8220;4.9.4&#8243; _module_preset=&#8220;default&#8220; background_color=&#8220;#000000&#8243; use_background_color_gradient=&#8220;on&#8220; background_color_gradient_start=&#8220;rgba(0,19,46,0.85)&#8220; background_color_gradient_end=&#8220;rgba(0,19,46,0.85)&#8220; background_color_gradient_overlays_image=&#8220;on&#8220; background_image=&#8220;https:\/\/masterplan-wissenschaft.de\/wp-content\/uploads\/2021\/02\/Stadt-Dortmund_Atomgrafik_v2_2021_lay1_freigest_randlos.png&#8220; background_size=&#8220;initial&#8220; background_position=&#8220;center_right&#8220; custom_padding=&#8220;130px||43px||false|false&#8220; global_colors_info=&#8220;{}&#8220;][et_pb_row _builder_version=&#8220;4.9.4&#8243; _module_preset=&#8220;default&#8220; custom_margin=&#8220;-55px|auto||auto||&#8220; custom_padding=&#8220;0px||1px|||&#8220; global_colors_info=&#8220;{}&#8220;][et_pb_column type=&#8220;4_4&#8243; _builder_version=&#8220;4.16&#8243; _module_preset=&#8220;default&#8220; global_colors_info=&#8220;{}&#8220;][et_pb_text content_tablet=&#8220;<\/p>\n<div class=%22wpb_text_column wpb_content_element %22>\n<div class=%22wpb_wrapper%22>\n<h1 class=%22p1%22><b>Mitmachen<\/b><\/h1>\n<\/div>\n<\/div>\n<p>&#8220; content_phone=&#8220;<\/p>\n<div class=%22wpb_text_column wpb_content_element %22>\n<div class=%22wpb_wrapper%22>\n<h1 class=%22p1%22><b>Mitmachen<\/b><\/h1>\n<\/div>\n<\/div>\n<p>&#8220; content_last_edited=&#8220;on|desktop&#8220; _builder_version=&#8220;4.9.4&#8243; _module_preset=&#8220;default&#8220; text_font=&#8220;Istok Web||||||||&#8220; text_text_color=&#8220;#FFFFFF&#8220; text_font_size=&#8220;16px&#8220; header_font=&#8220;Istok Web|700|||||||&#8220; header_text_color=&#8220;#FFFFFF&#8220; header_font_size=&#8220;50px&#8220; header_line_height=&#8220;1.2em&#8220; header_2_text_color=&#8220;#000000&#8243; header_2_font_size=&#8220;50px&#8220; header_2_line_height=&#8220;1.2em&#8220; header_3_font_size=&#8220;50px&#8220; header_4_font_size=&#8220;50px&#8220; header_5_font_size=&#8220;50px&#8220; header_6_font_size=&#8220;50px&#8220; custom_padding=&#8220;0px|20px|0px|20px|false|false&#8220; custom_padding_tablet=&#8220;&#8220; custom_padding_phone=&#8220;0px|0px|0px|0px|false|true&#8220; custom_padding_last_edited=&#8220;on|phone&#8220; text_font_size_tablet=&#8220;&#8220; text_font_size_phone=&#8220;15px&#8220; text_font_size_last_edited=&#8220;on|phone&#8220; header_font_size_tablet=&#8220;70px&#8220; header_font_size_phone=&#8220;28px&#8220; header_font_size_last_edited=&#8220;on|phone&#8220; header_2_font_size_tablet=&#8220;70px&#8220; header_2_font_size_phone=&#8220;28px&#8220; header_2_font_size_last_edited=&#8220;on|phone&#8220; header_3_font_size_tablet=&#8220;70px&#8220; header_3_font_size_phone=&#8220;28px&#8220; header_3_font_size_last_edited=&#8220;on|phone&#8220; header_4_font_size_tablet=&#8220;70px&#8220; header_4_font_size_phone=&#8220;28px&#8220; header_4_font_size_last_edited=&#8220;on|phone&#8220; header_5_font_size_tablet=&#8220;70px&#8220; header_5_font_size_phone=&#8220;28px&#8220; header_5_font_size_last_edited=&#8220;on|phone&#8220; header_6_font_size_tablet=&#8220;70px&#8220; header_6_font_size_phone=&#8220;28px&#8220; header_6_font_size_last_edited=&#8220;on|phone&#8220; locked=&#8220;off&#8220; global_colors_info=&#8220;{}&#8220;]<\/p>\n<div class=\"wpb_text_column wpb_content_element \">\n<div class=\"wpb_wrapper\">\n<h1 class=\"p1\">General Assembly des Forum for European Journalism Students an der TU Dortmund (17.-21.10.)<\/h1>\n<\/div>\n<\/div>\n<p>[\/et_pb_text][et_pb_text content_tablet=&#8220;&#8220; content_phone=&#8220;&#8220; content_last_edited=&#8220;on|phone&#8220; _builder_version=&#8220;4.9.4&#8243; _module_preset=&#8220;default&#8220; text_font=&#8220;Istok Web||||||||&#8220; text_text_color=&#8220;#FFFFFF&#8220; text_font_size=&#8220;16px&#8220; header_font=&#8220;Istok Web|700|||||||&#8220; header_text_color=&#8220;#ffffff&#8220; header_font_size=&#8220;50px&#8220; header_line_height=&#8220;1.2em&#8220; header_2_text_color=&#8220;#FFFFFF&#8220; header_2_line_height=&#8220;1.2em&#8220; header_3_text_color=&#8220;#FFFFFF&#8220; width=&#8220;100%&#8220; module_alignment=&#8220;left&#8220; min_height=&#8220;220px&#8220; custom_margin=&#8220;|-3px||||&#8220; custom_padding=&#8220;20px|20px|0px|20px|false|false&#8220; custom_padding_tablet=&#8220;&#8220; custom_padding_phone=&#8220;20px|0px|20px|0px|false|true&#8220; custom_padding_last_edited=&#8220;on|phone&#8220; text_font_size_tablet=&#8220;&#8220; text_font_size_phone=&#8220;15px&#8220; text_font_size_last_edited=&#8220;on|phone&#8220; ol_font_size_tablet=&#8220;&#8220; ol_font_size_phone=&#8220;15px&#8220; ol_font_size_last_edited=&#8220;on|phone&#8220; global_colors_info=&#8220;{}&#8220;]<\/p>\n<h2><strong>Europ\u00e4ische Journalismus-Studierende zu Gast am Institut f\u00fcr Journalistik<\/strong><\/h2>\n<p><strong>Unter dem Titel \u201eBeyond the Headlines: The Power of Investigative and Slow Journalism\u201c richtete das Forum for European Journalism Students (FEJS) im Oktober seine General Assembly 2024 am Erich-Brost-Institut f\u00fcr internationalen Journalismus und Institut f\u00fcr Journalistik aus. Knapp 50 Journalismus-Studierende und junge Journalist:innen aus insgesamt 16 L\u00e4ndern reisten f\u00fcr die Veranstaltung vom 17. bis 21. Oktober nach Dortmund.<\/strong><\/p>\n<p>In monatelanger Vorbereitung hat das deutsche Organisationsteam, zum Gro\u00dfteil bestehend aus Dortmunder Journalismus-Studierenden, die FEJS General Assembly 2024 auf die Beine gestellt. Die Entscheidung, das Event in Dortmund auszutragen, fiel bereits im November 2023. Richard Brandt, ehemaliger wissenschaftlicher Mitarbeiter am Institut f\u00fcr Journalistik, und weitere IJ-Studierende reisten damals zur <a href=\"https:\/\/fejs.info\/2023\/11\/26\/general-assembly-marseille-2023-on-the-topic-of-factchecking-and-misinformation\">General Assembly 2023<\/a> des Forum for European Journalism Students nach Marseille. Auf der Versammlung stimmten die anwesenden Mitglieder \u00fcber die Austragungsorte der k\u00fcnftigen FEJS-Veranstaltungen im Jahr 2024 ab. W\u00e4hrend der Annual Congress des FEJS im April dieses Jahres im finnischen Helsinki stattfand, ging das Votum f\u00fcr die General Assembly 2024 an Dortmund.<\/p>\n<p><strong>Journalist:innen von CORRECTIV und ICIJ zu Gast<\/strong><\/p>\n<p>Gem\u00e4\u00df dem Auftrag des <a href=\"https:\/\/fejs.info\/\">Forum for European Journalism Students<\/a>, den Austausch und die Weiterbildung junger Journalismus-Studierenden in Europa zu f\u00f6rdern, warteten zahlreiche spannende Programmpunkte auf die Teilnehmenden und ihre G\u00e4ste, darunter weitere Studierende des Instituts f\u00fcr Journalistik sowie afrikanische Gastwissenschaftler:innen, die eine Autumn School am Erich-Brost-Institut f\u00fcr internationalen Journalismus absolvierten.<\/p>\n<p>Renommierte Gastodzierende gaben den FEJS-Mitgliedern in interaktiven Workshops und Vortr\u00e4gen wertvolle Einblicke in die Themenfelder des investigativen und Slow Journalism. Andreas Eckardt, stellvertretender Leiter von <a href=\"https:\/\/www.nbcnews.com\/news\/europe\">NBC News Europe<\/a>, tauschte sich mit den Studierenden in einer offenen Runde zum Thema \u201eIs Slow Journalism a New Phenomenon?\u201c aus und ging dabei auch auf die f\u00fcr Journalist:innen essenzielle Selbstf\u00fcrsorge ein. Jelena Cosic, Ausbildungsleiterin und Osteuropa-Koordinatorin des <a href=\"https:\/\/www.icij.org\/\">International Consortium of Investigative Journalists (ICIJ)<\/a> und derzeit <a href=\"https:\/\/www.journalistik-dortmund.de\/news\/seminar-zu-crossborder-und-investigativjournalismus-mit-jelena-cosic-vom-icij-geht-in-die-zweite-runde\/\">Journalist in Residence am Institut f\u00fcr Journalistik<\/a>, stellte die Arbeit und die pr\u00e4mierten Recherchen des Recherchenetzwerks, u.a. zu den Panama und Pandora Papers, vor. Sie betonte, wie wichtig es f\u00fcr angehende Journalist:innen sei, ein investigatives Mindset an den Tag zu legen und sich grenz\u00fcberschreitend zu vernetzen.<\/p>\n<p>&nbsp;<\/p>\n<p>Mit Spannung erwartet wurde die Pr\u00e4sentation von Marcus Bensmann vom gemeinn\u00fctzigen deutschen Medienhaus <a href=\"https:\/\/correctiv.org\/\">CORRECTIV<\/a>. Er berichtete von den Recherchen seines Teams zum Treffen hochrangiger AfD-Politiker:innen und Rechtsextrem:istinnen im vergangenen November in Potsdam und dem dort entwickelten <a href=\"https:\/\/correctiv.org\/aktuelles\/neue-rechte\/2024\/01\/10\/geheimplan-remigration-vertreibung-afd-rechtsextreme-november-treffen\/\">\u201eGeheimplan gegen Deutschland\u201c<\/a>, der die Vertreibung von Millionen Menschen aus Deutschland vorsah. Die Recherchen von CORRECTIV hatten zu Beginn dieses Jahres landesweite Proteste ausgel\u00f6st und auch \u00fcber die deutschen Grenzen hinaus f\u00fcr Aufsehen gesorgt.<\/p>\n<p><strong>Europ\u00e4ische Themen im Mittelpunkt<\/strong><\/p>\n<p>Eva Fischer, freie internationale Korrespondentin und Reporterin u.a. f\u00fcr den Berliner <a href=\"https:\/\/www.tagesspiegel.de\/autoren\/eva-fischer\">Tagesspiegel<\/a>, wiederum zeigte den Journalismus-Studierenden, wie sie relevante Quellen auf europ\u00e4ischer Ebene finden und auswerten und damit zu einer kritischen EU- und Europa-Berichterstattung beitragen. Ihre Pr\u00e4sentation leitete nahtlos in den offiziellen Launch des EU-gef\u00f6rderten Projekts <a href=\"http:\/\/www.cope-journalism.eu\/\">\u201eCOPE: Covering Cohesion Policy in Europe \u2013 Training MOOC for European Journalism Students\u201c<\/a> \u00fcber, der mit Vertretern der Europ\u00e4ischen Kommission und der an dem Projekt beteiligten Partner und Universit\u00e4ten gefeiert wurde. <a href=\"https:\/\/www.journalistik-dortmund.de\/news\/ij-launcht-europaweites-e-learning-portal-zur-eu-berichterstattung\/\">Unter Leitung des Instituts f\u00fcr Journalistik der TU Dortmund<\/a> hat das COPE-Team in den vergangenen zwei Jahren einen umfangreichen Online-Kurs bestehend aus 14 Modulen entwickelt, der k\u00fcnftig in allen 27 EU-Mitgliedsstaaten und in allen offiziellen EU-Amtssprachen angehende Journalist:innen in der kritischen EU- und Europa-Berichterstattung schulen soll.<\/p>\n<p>\u00dcber die thematischen Sessions hinaus stand das Netzwerken der FEJS-Mitglieder untereinander und mit Journalist:innen und Verantwortlichen aus Dortmund im Vordergrund. Neben dem Besuch der beiden Redaktionen des Dortmunder Lokalsenders Radio 91.2 und des Westdeutschen Rundfunks (WDR) profitierten die FEJS-Mitglieder von einer gef\u00fchrten City-Tour, angeboten und unterst\u00fctzt von der Wirtschaftsf\u00f6rderung Dortmund. IJ-Studierende pr\u00e4sentierten den G\u00e4sten aus dem europ\u00e4ischen Ausland zudem die Redaktionsr\u00e4ume und Studios der Dortmunder Campusmedien <a href=\"https:\/\/www.eldoradio.de\/\">eldoradio<\/a> und <a href=\"http:\/\/kurt.digital\/\">KURT<\/a>.<\/p>\n<p>Zum Abschluss der General Assembly 2024 stimmten die FEJS-Mitglieder \u00fcber die neue Aufstellung des Executive Board und Secretariat, den beiden zentralen Organen des FEJS, sowie die Austragungsorte f\u00fcr die k\u00fcnftigen Veranstaltungen ab. Zus\u00e4tzlich zur bereits feststehenden Location f\u00fcr den Annual Congress 2025, der voraussichtlich im kommenden Mai in Krakau stattfinden wird, entschieden sich die Teilnehmenden, die n\u00e4chste General Assembly im Herbst 2025 in Porto in Portugal und den darauffolgenden Annual Congress im Fr\u00fchjahr 2026 in Tilburg in den Niederlanden abzuhalten.<\/p>\n<p><strong>Ein gro\u00dfer Dank geht an die Kooperationspartner und Sponsoren<\/strong><\/p>\n<p>Das Forum for European Journalism Students (FEJS) und insbesondere das deutsche Organisationsteam unter Leitung von Richard Brandt bedanken sich sehr herzlich bei ihren Kooperationspartnern, dem Erich-Brost-Institut f\u00fcr internationalen Journalismus und dem Institut f\u00fcr Journalistik, f\u00fcr ihre gro\u00dfartige Unterst\u00fctzung bei der Vorbereitung und Durchf\u00fchrung des Events.<\/p>\n<p>Dar\u00fcber hinaus gilt ein weiterer gro\u00dfer Dank den zahlreichen Sponsoren, die die General Assembly 2024 des FEJS in Dortmund finanziell oder mit Sachspenden unterst\u00fctzt haben. Zu diesen Sponsoren z\u00e4hlen die ZEIT-Stiftung Bucerius, die Johanna-Quandt-Stiftung, die FAZIT-STIFTUNG, die Stiftung Presse-Haus NRZ, die Werner Richard \u2013 Dr. Carl D\u00f6rken Stiftung, die Gesellschaft der Freunde der TU Dortmund (GdF), der Deutsche Journalisten-Verband (DJV), die audiowest media GmbH, Radio 91.2, die Borussia Brauerei, die Signal Iduna Gruppe, die Wirtschaftsf\u00f6rderung der Stadt Dortmund, der ex e.V. \u2013 Die Alumni-Vereinigung des Instituts f\u00fcr Journalistik der TU Dortmund, die Fakult\u00e4t Kulturwissenschaften der Technischen Universit\u00e4t Dortmund und die TU Dortmund selbst.<\/p>\n<p>[\/et_pb_text][et_pb_divider show_divider=&#8220;off&#8220; _builder_version=&#8220;4.9.4&#8243; _module_preset=&#8220;default&#8220; height=&#8220;50px&#8220;][\/et_pb_divider][et_pb_slider use_bg_overlay=&#8220;off&#8220; use_text_overlay=&#8220;on&#8220; arrows_custom_color=&#8220;#555555&#8243; dot_nav_custom_color=&#8220;RGBA(0,0,0,0)&#8220; _builder_version=&#8220;4.9.4&#8243; _module_preset=&#8220;default&#8220; body_font=&#8220;||||||||&#8220; body_font_size=&#8220;16px&#8220; body_line_height=&#8220;1.1em&#8220; background_enable_color=&#8220;off&#8220; background_enable_image=&#8220;off&#8220; background_size=&#8220;contain&#8220; text_orientation=&#8220;left&#8220; width=&#8220;100%&#8220; max_width=&#8220;100%&#8220; module_alignment=&#8220;center&#8220; content_max_width=&#8220;100%&#8220; height=&#8220;1052px&#8220; height_tablet=&#8220;725px&#8220; height_phone=&#8220;625px&#8220; height_last_edited=&#8220;on|desktop&#8220; max_height=&#8220;500px&#8220; custom_margin=&#8220;||0px||false|false&#8220; custom_padding=&#8220;|0px|||true|false&#8220; animation_direction=&#8220;right&#8220; auto=&#8220;on&#8220; auto_speed=&#8220;20000&#8243; body_font_size_tablet=&#8220;&#8220; body_font_size_phone=&#8220;11px&#8220; body_font_size_last_edited=&#8220;on|phone&#8220; background_last_edited=&#8220;on|phone&#8220; border_radii=&#8220;on|15px|15px|15px|15px&#8220; border_width_all=&#8220;3px&#8220; border_color_all=&#8220;RGBA(0,0,0,0)&#8220; locked=&#8220;off&#8220; global_colors_info=&#8220;{}&#8220;][et_pb_slide use_bg_overlay=&#8220;off&#8220; use_text_overlay=&#8220;off&#8220; _builder_version=&#8220;4.9.4&#8243; _module_preset=&#8220;default&#8220; header_level=&#8220;h4&#8243; body_font_size=&#8220;15px&#8220; body_line_height=&#8220;1.4em&#8220; background_color=&#8220;RGBA(0,0,0,0)&#8220; background_enable_color=&#8220;on&#8220; use_background_color_gradient=&#8220;on&#8220; background_color_gradient_start=&#8220;rgba(0,0,0,0)&#8220; background_color_gradient_end=&#8220;rgba(0,0,0,0.75)&#8220; background_color_gradient_start_position=&#8220;65%&#8220; background_color_gradient_overlays_image=&#8220;on&#8220; background_image=&#8220;https:\/\/masterplan-wissenschaft.de\/wp-content\/uploads\/2024\/11\/FEJS-GA-2024-40-min-scaled.jpg&#8220; background_enable_image=&#8220;on&#8220; background_size=&#8220;contain&#8220; background_position=&#8220;top_center&#8220; text_orientation=&#8220;left&#8220; width=&#8220;100%&#8220; max_width=&#8220;100%&#8220; custom_padding=&#8220;||0px||false|false&#8220; custom_padding_tablet=&#8220;||40px||false|false&#8220; custom_padding_phone=&#8220;&#8220; custom_padding_last_edited=&#8220;on|tablet&#8220; background_last_edited=&#8220;on|phone&#8220; background_color_gradient_start_position_phone=&#8220;48%&#8220; background_image_tablet=&#8220;https:\/\/masterplan-wissenschaft.de\/wp-content\/uploads\/2024\/10\/Science-Night_Angela-Maertin-scaled.jpg&#8220; background_image_phone=&#8220;https:\/\/masterplan-wissenschaft.de\/wp-content\/uploads\/2024\/10\/Science-Night_Angela-Maertin-scaled.jpg&#8220; background_enable_image_tablet=&#8220;on&#8220; background_enable_image_phone=&#8220;on&#8220; custom_css_slide_title=&#8220;display:none;&#8220; border_radii_image=&#8220;on|15px|15px|15px|15px&#8220; locked=&#8220;off&#8220; global_colors_info=&#8220;{}&#8220; background_color_gradient_stops_phone=&#8220;rgba(0,0,0,0) 48%|rgba(0,0,0,0.75) 100%&#8220; sticky_transition=&#8220;on&#8220;]<\/p>\n<p><span>\u00a9 <\/span>Charlotte Gro\u00df-Hohnacker &amp; Merle Rickers \/ Institut f\u00fcr Journalistik, TU Dortmund<\/p>\n<p>[\/et_pb_slide][et_pb_slide use_bg_overlay=&#8220;off&#8220; use_text_overlay=&#8220;off&#8220; _builder_version=&#8220;4.9.4&#8243; _module_preset=&#8220;default&#8220; header_level=&#8220;h4&#8243; body_font_size=&#8220;15px&#8220; body_line_height=&#8220;1.4em&#8220; background_color=&#8220;RGBA(0,0,0,0)&#8220; background_enable_color=&#8220;on&#8220; use_background_color_gradient=&#8220;on&#8220; background_color_gradient_start=&#8220;rgba(0,0,0,0)&#8220; background_color_gradient_end=&#8220;rgba(0,0,0,0.75)&#8220; background_color_gradient_start_position=&#8220;65%&#8220; background_color_gradient_overlays_image=&#8220;on&#8220; background_image=&#8220;https:\/\/masterplan-wissenschaft.de\/wp-content\/uploads\/2024\/11\/FEJS-GA-2024-114-min-scaled.jpg&#8220; background_enable_image=&#8220;on&#8220; background_size=&#8220;contain&#8220; background_position=&#8220;top_center&#8220; text_orientation=&#8220;left&#8220; width=&#8220;100%&#8220; max_width=&#8220;100%&#8220; custom_padding=&#8220;||0px||false|false&#8220; custom_padding_tablet=&#8220;||40px||false|false&#8220; custom_padding_phone=&#8220;&#8220; custom_padding_last_edited=&#8220;on|tablet&#8220; background_last_edited=&#8220;on|phone&#8220; background_color_gradient_start_position_phone=&#8220;48%&#8220; background_image_tablet=&#8220;https:\/\/masterplan-wissenschaft.de\/wp-content\/uploads\/2024\/10\/Science-Night_Angela-Maertin-scaled.jpg&#8220; background_image_phone=&#8220;https:\/\/masterplan-wissenschaft.de\/wp-content\/uploads\/2024\/10\/Science-Night_Angela-Maertin-scaled.jpg&#8220; background_enable_image_tablet=&#8220;on&#8220; background_enable_image_phone=&#8220;on&#8220; custom_css_slide_title=&#8220;display:none;&#8220; border_radii_image=&#8220;on|15px|15px|15px|15px&#8220; locked=&#8220;off&#8220; global_colors_info=&#8220;{}&#8220; background_color_gradient_stops_phone=&#8220;rgba(0,0,0,0) 48%|rgba(0,0,0,0.75) 100%&#8220; sticky_transition=&#8220;on&#8220;]<\/p>\n<p><span>\u00a9 <\/span>Charlotte Gro\u00df-Hohnacker &amp; Merle Rickers \/ Institut f\u00fcr Journalistik, TU Dortmund<\/p>\n<p>[\/et_pb_slide][et_pb_slide use_bg_overlay=&#8220;off&#8220; use_text_overlay=&#8220;off&#8220; _builder_version=&#8220;4.9.4&#8243; _module_preset=&#8220;default&#8220; header_level=&#8220;h4&#8243; body_font_size=&#8220;15px&#8220; body_line_height=&#8220;1.4em&#8220; background_color=&#8220;RGBA(0,0,0,0)&#8220; background_enable_color=&#8220;on&#8220; use_background_color_gradient=&#8220;on&#8220; background_color_gradient_start=&#8220;rgba(0,0,0,0)&#8220; background_color_gradient_end=&#8220;rgba(0,0,0,0.75)&#8220; background_color_gradient_start_position=&#8220;65%&#8220; background_color_gradient_overlays_image=&#8220;on&#8220; background_image=&#8220;https:\/\/masterplan-wissenschaft.de\/wp-content\/uploads\/2024\/11\/FEJS-GA-2024-129-min-scaled.jpg&#8220; background_enable_image=&#8220;on&#8220; background_size=&#8220;contain&#8220; background_position=&#8220;top_center&#8220; text_orientation=&#8220;left&#8220; width=&#8220;100%&#8220; max_width=&#8220;100%&#8220; custom_padding=&#8220;||0px||false|false&#8220; custom_padding_tablet=&#8220;||40px||false|false&#8220; custom_padding_phone=&#8220;&#8220; custom_padding_last_edited=&#8220;on|tablet&#8220; background_last_edited=&#8220;on|phone&#8220; background_color_gradient_start_position_phone=&#8220;48%&#8220; background_image_tablet=&#8220;https:\/\/masterplan-wissenschaft.de\/wp-content\/uploads\/2024\/10\/Science-Night_Angela-Maertin-scaled.jpg&#8220; background_image_phone=&#8220;https:\/\/masterplan-wissenschaft.de\/wp-content\/uploads\/2024\/10\/Science-Night_Angela-Maertin-scaled.jpg&#8220; background_enable_image_tablet=&#8220;on&#8220; background_enable_image_phone=&#8220;on&#8220; custom_css_slide_title=&#8220;display:none;&#8220; border_radii_image=&#8220;on|15px|15px|15px|15px&#8220; locked=&#8220;off&#8220; global_colors_info=&#8220;{}&#8220; background_color_gradient_stops_phone=&#8220;rgba(0,0,0,0) 48%|rgba(0,0,0,0.75) 100%&#8220; sticky_transition=&#8220;on&#8220;]<\/p>\n<p><span>\u00a9 <\/span>Charlotte Gro\u00df-Hohnacker &amp; Merle Rickers \/ Institut f\u00fcr Journalistik, TU Dortmund<\/p>\n<p>[\/et_pb_slide][et_pb_slide use_bg_overlay=&#8220;off&#8220; use_text_overlay=&#8220;off&#8220; _builder_version=&#8220;4.9.4&#8243; _module_preset=&#8220;default&#8220; header_level=&#8220;h4&#8243; body_font_size=&#8220;15px&#8220; body_line_height=&#8220;1.4em&#8220; background_color=&#8220;RGBA(0,0,0,0)&#8220; background_enable_color=&#8220;on&#8220; use_background_color_gradient=&#8220;on&#8220; background_color_gradient_start=&#8220;rgba(0,0,0,0)&#8220; background_color_gradient_end=&#8220;rgba(0,0,0,0.75)&#8220; background_color_gradient_start_position=&#8220;65%&#8220; background_color_gradient_overlays_image=&#8220;on&#8220; background_image=&#8220;https:\/\/masterplan-wissenschaft.de\/wp-content\/uploads\/2024\/11\/FEJS-GA-2024-142-min-scaled.jpg&#8220; background_enable_image=&#8220;on&#8220; background_size=&#8220;contain&#8220; background_position=&#8220;top_center&#8220; text_orientation=&#8220;left&#8220; width=&#8220;100%&#8220; max_width=&#8220;100%&#8220; custom_padding=&#8220;||0px||false|false&#8220; custom_padding_tablet=&#8220;||40px||false|false&#8220; custom_padding_phone=&#8220;&#8220; custom_padding_last_edited=&#8220;on|tablet&#8220; background_last_edited=&#8220;on|phone&#8220; background_color_gradient_start_position_phone=&#8220;48%&#8220; background_image_tablet=&#8220;https:\/\/masterplan-wissenschaft.de\/wp-content\/uploads\/2024\/10\/Science-Night_Angela-Maertin-scaled.jpg&#8220; background_image_phone=&#8220;https:\/\/masterplan-wissenschaft.de\/wp-content\/uploads\/2024\/10\/Science-Night_Angela-Maertin-scaled.jpg&#8220; background_enable_image_tablet=&#8220;on&#8220; background_enable_image_phone=&#8220;on&#8220; custom_css_slide_title=&#8220;display:none;&#8220; border_radii_image=&#8220;on|15px|15px|15px|15px&#8220; locked=&#8220;off&#8220; global_colors_info=&#8220;{}&#8220; background_color_gradient_stops_phone=&#8220;rgba(0,0,0,0) 48%|rgba(0,0,0,0.75) 100%&#8220; sticky_transition=&#8220;on&#8220;]<\/p>\n<p><span>\u00a9 <\/span>Charlotte Gro\u00df-Hohnacker &amp; Merle Rickers \/ Institut f\u00fcr Journalistik, TU Dortmund<\/p>\n<p>[\/et_pb_slide][et_pb_slide use_bg_overlay=&#8220;off&#8220; use_text_overlay=&#8220;off&#8220; _builder_version=&#8220;4.9.4&#8243; _module_preset=&#8220;default&#8220; header_level=&#8220;h4&#8243; body_font_size=&#8220;15px&#8220; body_line_height=&#8220;1.4em&#8220; background_color=&#8220;RGBA(0,0,0,0)&#8220; background_enable_color=&#8220;on&#8220; use_background_color_gradient=&#8220;on&#8220; background_color_gradient_start=&#8220;rgba(0,0,0,0)&#8220; background_color_gradient_end=&#8220;rgba(0,0,0,0.75)&#8220; background_color_gradient_start_position=&#8220;65%&#8220; background_color_gradient_overlays_image=&#8220;on&#8220; background_image=&#8220;https:\/\/masterplan-wissenschaft.de\/wp-content\/uploads\/2024\/11\/FEJS-GA-2024-225-min-scaled.jpg&#8220; background_enable_image=&#8220;on&#8220; background_size=&#8220;contain&#8220; background_position=&#8220;top_center&#8220; text_orientation=&#8220;left&#8220; width=&#8220;100%&#8220; max_width=&#8220;100%&#8220; custom_padding=&#8220;||0px||false|false&#8220; custom_padding_tablet=&#8220;||40px||false|false&#8220; custom_padding_phone=&#8220;&#8220; custom_padding_last_edited=&#8220;on|tablet&#8220; background_last_edited=&#8220;on|phone&#8220; background_color_gradient_start_position_phone=&#8220;48%&#8220; background_image_tablet=&#8220;https:\/\/masterplan-wissenschaft.de\/wp-content\/uploads\/2024\/10\/Science-Night_Angela-Maertin-scaled.jpg&#8220; background_image_phone=&#8220;https:\/\/masterplan-wissenschaft.de\/wp-content\/uploads\/2024\/10\/Science-Night_Angela-Maertin-scaled.jpg&#8220; background_enable_image_tablet=&#8220;on&#8220; background_enable_image_phone=&#8220;on&#8220; custom_css_slide_title=&#8220;display:none;&#8220; border_radii_image=&#8220;on|15px|15px|15px|15px&#8220; locked=&#8220;off&#8220; global_colors_info=&#8220;{}&#8220; background_color_gradient_stops_phone=&#8220;rgba(0,0,0,0) 48%|rgba(0,0,0,0.75) 100%&#8220; sticky_transition=&#8220;on&#8220;]<\/p>\n<p><span>\u00a9 <\/span>Charlotte Gro\u00df-Hohnacker &amp; Merle Rickers \/ Institut f\u00fcr Journalistik, TU Dortmund<\/p>\n<p>[\/et_pb_slide][\/et_pb_slider][\/et_pb_column][\/et_pb_row][et_pb_row _builder_version=&#8220;4.9.4&#8243; _module_preset=&#8220;default&#8220;][et_pb_column type=&#8220;4_4&#8243; _builder_version=&#8220;4.9.4&#8243; _module_preset=&#8220;default&#8220;][et_pb_divider show_divider=&#8220;off&#8220; _builder_version=&#8220;4.9.4&#8243; _module_preset=&#8220;default&#8220; height=&#8220;50px&#8220;][\/et_pb_divider][\/et_pb_column][\/et_pb_row][et_pb_row column_structure=&#8220;1_2,1_2&#8243; use_custom_gutter=&#8220;on&#8220; gutter_width=&#8220;2&#8243; custom_padding_last_edited=&#8220;on|phone&#8220; _builder_version=&#8220;4.22.2&#8243; _module_preset=&#8220;default&#8220; custom_padding=&#8220;0px|20px||20px|false|true&#8220; custom_padding_tablet=&#8220;&#8220; custom_padding_phone=&#8220;0px|0px||0px|false|true&#8220; global_colors_info=&#8220;{}&#8220;][et_pb_column type=&#8220;1_2&#8243; _builder_version=&#8220;4.16&#8243; _module_preset=&#8220;default&#8220; global_colors_info=&#8220;{}&#8220;][et_pb_text _builder_version=&#8220;4.22.2&#8243; _module_preset=&#8220;default&#8220; text_font_size=&#8220;16px&#8220; background_layout=&#8220;dark&#8220; min_height=&#8220;8.2px&#8220; custom_margin=&#8220;||-18px|||&#8220; custom_padding=&#8220;||25px|20px|false|false&#8220; custom_padding_tablet=&#8220;&#8220; custom_padding_phone=&#8220;20px||20px|0px|false|false&#8220; custom_padding_last_edited=&#8220;on|phone&#8220; text_orientation_last_edited=&#8220;off|phone&#8220; global_colors_info=&#8220;{}&#8220;]<\/p>\n<p class=\"p1\"><strong>Kontakt:<\/strong><\/p>\n<p class=\"p1\">Stadt Dortmund<br \/>Gesch\u00e4ftsstelle Masterplan Wissenschaft<br \/>wissenschaft@stadtdo.de<\/p>\n<p class=\"p1\">[\/et_pb_text][\/et_pb_column][et_pb_column type=&#8220;1_2&#8243; _builder_version=&#8220;4.16&#8243; _module_preset=&#8220;default&#8220; global_colors_info=&#8220;{}&#8220;][et_pb_text _builder_version=&#8220;4.19.1&#8243; _module_preset=&#8220;default&#8220; text_font_size=&#8220;16px&#8220; background_layout=&#8220;dark&#8220; min_height=&#8220;0px&#8220; custom_padding=&#8220;||0px|20px|false|false&#8220; custom_padding_tablet=&#8220;||25px||false|false&#8220; custom_padding_phone=&#8220;20px||50px|0px|false|false&#8220; custom_padding_last_edited=&#8220;on|phone&#8220; text_orientation_tablet=&#8220;center&#8220; text_orientation_phone=&#8220;&#8220; text_orientation_last_edited=&#8220;on|phone&#8220; global_colors_info=&#8220;{}&#8220;]<\/p>\n<p class=\"p1\">Angela M\u00e4rtin und Christina-Bella Pag\u00e9s<\/p>\n<p class=\"p1\"><img loading=\"lazy\" decoding=\"async\" src=\"https:\/\/masterplan-wissenschaft.de\/wp-content\/uploads\/2022\/12\/AM-und-CP-1-259x300.jpg\" width=\"259\" height=\"300\" alt=\"\" class=\"wp-image-11385 alignnone size-medium\" srcset=\"https:\/\/masterplan-wissenschaft.de\/wp-content\/uploads\/2022\/12\/AM-und-CP-1-259x300.jpg 259w, https:\/\/masterplan-wissenschaft.de\/wp-content\/uploads\/2022\/12\/AM-und-CP-1.jpg 461w\" sizes=\"(max-width: 259px) 100vw, 259px\" \/><\/p>\n<p>[\/et_pb_text][et_pb_text _builder_version=&#8220;4.9.4&#8243; _module_preset=&#8220;default&#8220; text_font_size=&#8220;16px&#8220; text_orientation=&#8220;right&#8220; background_layout=&#8220;dark&#8220; min_height=&#8220;10.8px&#8220; custom_margin=&#8220;-15px||||false|false&#8220; custom_margin_tablet=&#8220;0px||||false|false&#8220; custom_margin_phone=&#8220;&#8220; custom_margin_last_edited=&#8220;on|desktop&#8220; custom_padding=&#8220;||||false|false&#8220; custom_padding_tablet=&#8220;|10px|||false|false&#8220; custom_padding_phone=&#8220;|||0px|false|false&#8220; custom_padding_last_edited=&#8220;on|phone&#8220; text_orientation_tablet=&#8220;right&#8220; text_orientation_last_edited=&#8220;off|desktop&#8220; global_colors_info=&#8220;{}&#8220;]<\/p>\n<p class=\"p1\" style=\"text-align: center;\"><span style=\"font-size: x-small;\">Bild: Dortmund-Agentur\/Roland Gorecki<\/span><\/p>\n<p>[\/et_pb_text][\/et_pb_column][\/et_pb_row][\/et_pb_section]<\/p>\n","protected":false},"excerpt":{"rendered":"<p>General Assembly des Forum for European Journalism Students an der TU Dortmund (17.-21.10.) Europ\u00e4ische Journalismus-Studierende zu Gast am Institut f\u00fcr Journalistik Unter dem Titel \u201eBeyond the Headlines: The Power of Investigative and Slow Journalism\u201c richtete das Forum for European Journalism Students (FEJS) im Oktober seine General Assembly 2024 am Erich-Brost-Institut f\u00fcr internationalen Journalismus und Institut [&hellip;]<\/p>\n","protected":false},"author":9,"featured_media":0,"parent":0,"menu_order":0,"comment_status":"closed","ping_status":"closed","template":"","meta":{"_et_pb_use_builder":"on","_et_pb_old_content":"","_et_gb_content_width":"","inline_featured_image":false,"footnotes":""},"class_list":["post-12571","page","type-page","status-publish","hentry"],"yoast_head":"<!-- This site is optimized with the Yoast SEO plugin v27.3 - https:\/\/yoast.com\/product\/yoast-seo-wordpress\/ -->\n<title>General Assembly des Forum for European Journalism Students an der TU Dortmund - Dortmund<\/title>\n<meta name=\"robots\" content=\"index, follow, max-snippet:-1, max-image-preview:large, max-video-preview:-1\" \/>\n<link rel=\"canonical\" href=\"https:\/\/masterplan-wissenschaft.de\/en\/general-assembly-des-forum-for-european-journalism-students-an-der-tu-dortmund\/\" \/>\n<meta property=\"og:locale\" content=\"en_GB\" \/>\n<meta property=\"og:type\" content=\"article\" \/>\n<meta property=\"og:title\" content=\"General Assembly des Forum for European Journalism Students an der TU Dortmund - Dortmund\" \/>\n<meta property=\"og:description\" content=\"General Assembly des Forum for European Journalism Students an der TU Dortmund (17.-21.10.) Europ\u00e4ische Journalismus-Studierende zu Gast am Institut f\u00fcr Journalistik Unter dem Titel \u201eBeyond the Headlines: The Power of Investigative and Slow Journalism\u201c richtete das Forum for European Journalism Students (FEJS) im Oktober seine General Assembly 2024 am Erich-Brost-Institut f\u00fcr internationalen Journalismus und Institut [&hellip;]\" \/>\n<meta property=\"og:url\" content=\"https:\/\/masterplan-wissenschaft.de\/en\/general-assembly-des-forum-for-european-journalism-students-an-der-tu-dortmund\/\" \/>\n<meta property=\"og:site_name\" content=\"Dortmund\" \/>\n<meta property=\"article:modified_time\" content=\"2024-11-05T09:47:19+00:00\" \/>\n<meta property=\"og:image\" content=\"https:\/\/masterplan-wissenschaft.de\/wp-content\/uploads\/2022\/12\/AM-und-CP-1.jpg\" \/>\n\t<meta property=\"og:image:width\" content=\"461\" \/>\n\t<meta property=\"og:image:height\" content=\"535\" \/>\n\t<meta property=\"og:image:type\" content=\"image\/jpeg\" \/>\n<meta name=\"twitter:card\" content=\"summary_large_image\" \/>\n<meta name=\"twitter:label1\" content=\"Estimated reading time\" \/>\n\t<meta name=\"twitter:data1\" content=\"14 minutes\" \/>\n<script type=\"application\/ld+json\" class=\"yoast-schema-graph\">{\"@context\":\"https:\\\/\\\/schema.org\",\"@graph\":[{\"@type\":\"WebPage\",\"@id\":\"https:\\\/\\\/masterplan-wissenschaft.de\\\/general-assembly-des-forum-for-european-journalism-students-an-der-tu-dortmund\\\/\",\"url\":\"https:\\\/\\\/masterplan-wissenschaft.de\\\/general-assembly-des-forum-for-european-journalism-students-an-der-tu-dortmund\\\/\",\"name\":\"General Assembly des Forum for European Journalism Students an der TU Dortmund - Dortmund\",\"isPartOf\":{\"@id\":\"https:\\\/\\\/masterplan-wissenschaft.de\\\/de\\\/#website\"},\"primaryImageOfPage\":{\"@id\":\"https:\\\/\\\/masterplan-wissenschaft.de\\\/general-assembly-des-forum-for-european-journalism-students-an-der-tu-dortmund\\\/#primaryimage\"},\"image\":{\"@id\":\"https:\\\/\\\/masterplan-wissenschaft.de\\\/general-assembly-des-forum-for-european-journalism-students-an-der-tu-dortmund\\\/#primaryimage\"},\"thumbnailUrl\":\"https:\\\/\\\/masterplan-wissenschaft.de\\\/wp-content\\\/uploads\\\/2022\\\/12\\\/AM-und-CP-1-259x300.jpg\",\"datePublished\":\"2024-10-01T09:32:50+00:00\",\"dateModified\":\"2024-11-05T09:47:19+00:00\",\"breadcrumb\":{\"@id\":\"https:\\\/\\\/masterplan-wissenschaft.de\\\/general-assembly-des-forum-for-european-journalism-students-an-der-tu-dortmund\\\/#breadcrumb\"},\"inLanguage\":\"en-GB\",\"potentialAction\":[{\"@type\":\"ReadAction\",\"target\":[\"https:\\\/\\\/masterplan-wissenschaft.de\\\/general-assembly-des-forum-for-european-journalism-students-an-der-tu-dortmund\\\/\"]}]},{\"@type\":\"ImageObject\",\"inLanguage\":\"en-GB\",\"@id\":\"https:\\\/\\\/masterplan-wissenschaft.de\\\/general-assembly-des-forum-for-european-journalism-students-an-der-tu-dortmund\\\/#primaryimage\",\"url\":\"https:\\\/\\\/masterplan-wissenschaft.de\\\/wp-content\\\/uploads\\\/2022\\\/12\\\/AM-und-CP-1-259x300.jpg\",\"contentUrl\":\"https:\\\/\\\/masterplan-wissenschaft.de\\\/wp-content\\\/uploads\\\/2022\\\/12\\\/AM-und-CP-1-259x300.jpg\"},{\"@type\":\"BreadcrumbList\",\"@id\":\"https:\\\/\\\/masterplan-wissenschaft.de\\\/general-assembly-des-forum-for-european-journalism-students-an-der-tu-dortmund\\\/#breadcrumb\",\"itemListElement\":[{\"@type\":\"ListItem\",\"position\":1,\"name\":\"Startseite\",\"item\":\"https:\\\/\\\/masterplan-wissenschaft.de\\\/de\\\/\"},{\"@type\":\"ListItem\",\"position\":2,\"name\":\"General Assembly des Forum for European Journalism Students an der TU Dortmund\"}]},{\"@type\":\"WebSite\",\"@id\":\"https:\\\/\\\/masterplan-wissenschaft.de\\\/de\\\/#website\",\"url\":\"https:\\\/\\\/masterplan-wissenschaft.de\\\/de\\\/\",\"name\":\"Masterplan Wissenschaft\",\"description\":\"Masterplan Wissenschaft\",\"publisher\":{\"@id\":\"https:\\\/\\\/masterplan-wissenschaft.de\\\/de\\\/#organization\"},\"potentialAction\":[{\"@type\":\"SearchAction\",\"target\":{\"@type\":\"EntryPoint\",\"urlTemplate\":\"https:\\\/\\\/masterplan-wissenschaft.de\\\/de\\\/?s={search_term_string}\"},\"query-input\":{\"@type\":\"PropertyValueSpecification\",\"valueRequired\":true,\"valueName\":\"search_term_string\"}}],\"inLanguage\":\"en-GB\"},{\"@type\":\"Organization\",\"@id\":\"https:\\\/\\\/masterplan-wissenschaft.de\\\/de\\\/#organization\",\"name\":\"Stadt Dortmund\",\"url\":\"https:\\\/\\\/masterplan-wissenschaft.de\\\/de\\\/\",\"logo\":{\"@type\":\"ImageObject\",\"inLanguage\":\"en-GB\",\"@id\":\"https:\\\/\\\/masterplan-wissenschaft.de\\\/de\\\/#\\\/schema\\\/logo\\\/image\\\/\",\"url\":\"https:\\\/\\\/masterplan-wissenschaft.de\\\/wp-content\\\/uploads\\\/2025\\\/08\\\/DO_Masterplan-Wissenschaft.png\",\"contentUrl\":\"https:\\\/\\\/masterplan-wissenschaft.de\\\/wp-content\\\/uploads\\\/2025\\\/08\\\/DO_Masterplan-Wissenschaft.png\",\"width\":2976,\"height\":710,\"caption\":\"Stadt Dortmund\"},\"image\":{\"@id\":\"https:\\\/\\\/masterplan-wissenschaft.de\\\/de\\\/#\\\/schema\\\/logo\\\/image\\\/\"}}]}<\/script>\n<!-- \/ Yoast SEO plugin. -->","yoast_head_json":{"title":"General Assembly des Forum for European Journalism Students an der TU Dortmund - Dortmund","robots":{"index":"index","follow":"follow","max-snippet":"max-snippet:-1","max-image-preview":"max-image-preview:large","max-video-preview":"max-video-preview:-1"},"canonical":"https:\/\/masterplan-wissenschaft.de\/en\/general-assembly-des-forum-for-european-journalism-students-an-der-tu-dortmund\/","og_locale":"en_GB","og_type":"article","og_title":"General Assembly des Forum for European Journalism Students an der TU Dortmund - Dortmund","og_description":"General Assembly des Forum for European Journalism Students an der TU Dortmund (17.-21.10.) Europ\u00e4ische Journalismus-Studierende zu Gast am Institut f\u00fcr Journalistik Unter dem Titel \u201eBeyond the Headlines: The Power of Investigative and Slow Journalism\u201c richtete das Forum for European Journalism Students (FEJS) im Oktober seine General Assembly 2024 am Erich-Brost-Institut f\u00fcr internationalen Journalismus und Institut [&hellip;]","og_url":"https:\/\/masterplan-wissenschaft.de\/en\/general-assembly-des-forum-for-european-journalism-students-an-der-tu-dortmund\/","og_site_name":"Dortmund","article_modified_time":"2024-11-05T09:47:19+00:00","og_image":[{"width":461,"height":535,"url":"https:\/\/masterplan-wissenschaft.de\/wp-content\/uploads\/2022\/12\/AM-und-CP-1.jpg","type":"image\/jpeg"}],"twitter_card":"summary_large_image","twitter_misc":{"Estimated reading time":"14 minutes"},"schema":{"@context":"https:\/\/schema.org","@graph":[{"@type":"WebPage","@id":"https:\/\/masterplan-wissenschaft.de\/general-assembly-des-forum-for-european-journalism-students-an-der-tu-dortmund\/","url":"https:\/\/masterplan-wissenschaft.de\/general-assembly-des-forum-for-european-journalism-students-an-der-tu-dortmund\/","name":"General Assembly des Forum for European Journalism Students an der TU Dortmund - Dortmund","isPartOf":{"@id":"https:\/\/masterplan-wissenschaft.de\/de\/#website"},"primaryImageOfPage":{"@id":"https:\/\/masterplan-wissenschaft.de\/general-assembly-des-forum-for-european-journalism-students-an-der-tu-dortmund\/#primaryimage"},"image":{"@id":"https:\/\/masterplan-wissenschaft.de\/general-assembly-des-forum-for-european-journalism-students-an-der-tu-dortmund\/#primaryimage"},"thumbnailUrl":"https:\/\/masterplan-wissenschaft.de\/wp-content\/uploads\/2022\/12\/AM-und-CP-1-259x300.jpg","datePublished":"2024-10-01T09:32:50+00:00","dateModified":"2024-11-05T09:47:19+00:00","breadcrumb":{"@id":"https:\/\/masterplan-wissenschaft.de\/general-assembly-des-forum-for-european-journalism-students-an-der-tu-dortmund\/#breadcrumb"},"inLanguage":"en-GB","potentialAction":[{"@type":"ReadAction","target":["https:\/\/masterplan-wissenschaft.de\/general-assembly-des-forum-for-european-journalism-students-an-der-tu-dortmund\/"]}]},{"@type":"ImageObject","inLanguage":"en-GB","@id":"https:\/\/masterplan-wissenschaft.de\/general-assembly-des-forum-for-european-journalism-students-an-der-tu-dortmund\/#primaryimage","url":"https:\/\/masterplan-wissenschaft.de\/wp-content\/uploads\/2022\/12\/AM-und-CP-1-259x300.jpg","contentUrl":"https:\/\/masterplan-wissenschaft.de\/wp-content\/uploads\/2022\/12\/AM-und-CP-1-259x300.jpg"},{"@type":"BreadcrumbList","@id":"https:\/\/masterplan-wissenschaft.de\/general-assembly-des-forum-for-european-journalism-students-an-der-tu-dortmund\/#breadcrumb","itemListElement":[{"@type":"ListItem","position":1,"name":"Startseite","item":"https:\/\/masterplan-wissenschaft.de\/de\/"},{"@type":"ListItem","position":2,"name":"General Assembly des Forum for European Journalism Students an der TU Dortmund"}]},{"@type":"WebSite","@id":"https:\/\/masterplan-wissenschaft.de\/de\/#website","url":"https:\/\/masterplan-wissenschaft.de\/de\/","name":"Masterplan Wissenschaft","description":"Masterplan Wissenschaft","publisher":{"@id":"https:\/\/masterplan-wissenschaft.de\/de\/#organization"},"potentialAction":[{"@type":"SearchAction","target":{"@type":"EntryPoint","urlTemplate":"https:\/\/masterplan-wissenschaft.de\/de\/?s={search_term_string}"},"query-input":{"@type":"PropertyValueSpecification","valueRequired":true,"valueName":"search_term_string"}}],"inLanguage":"en-GB"},{"@type":"Organization","@id":"https:\/\/masterplan-wissenschaft.de\/de\/#organization","name":"City of Dortmund","url":"https:\/\/masterplan-wissenschaft.de\/de\/","logo":{"@type":"ImageObject","inLanguage":"en-GB","@id":"https:\/\/masterplan-wissenschaft.de\/de\/#\/schema\/logo\/image\/","url":"https:\/\/masterplan-wissenschaft.de\/wp-content\/uploads\/2025\/08\/DO_Masterplan-Wissenschaft.png","contentUrl":"https:\/\/masterplan-wissenschaft.de\/wp-content\/uploads\/2025\/08\/DO_Masterplan-Wissenschaft.png","width":2976,"height":710,"caption":"Stadt Dortmund"},"image":{"@id":"https:\/\/masterplan-wissenschaft.de\/de\/#\/schema\/logo\/image\/"}}]}},"_links":{"self":[{"href":"https:\/\/masterplan-wissenschaft.de\/en\/wp-json\/wp\/v2\/pages\/12571","targetHints":{"allow":["GET"]}}],"collection":[{"href":"https:\/\/masterplan-wissenschaft.de\/en\/wp-json\/wp\/v2\/pages"}],"about":[{"href":"https:\/\/masterplan-wissenschaft.de\/en\/wp-json\/wp\/v2\/types\/page"}],"author":[{"embeddable":true,"href":"https:\/\/masterplan-wissenschaft.de\/en\/wp-json\/wp\/v2\/users\/9"}],"replies":[{"embeddable":true,"href":"https:\/\/masterplan-wissenschaft.de\/en\/wp-json\/wp\/v2\/comments?post=12571"}],"version-history":[{"count":5,"href":"https:\/\/masterplan-wissenschaft.de\/en\/wp-json\/wp\/v2\/pages\/12571\/revisions"}],"predecessor-version":[{"id":12583,"href":"https:\/\/masterplan-wissenschaft.de\/en\/wp-json\/wp\/v2\/pages\/12571\/revisions\/12583"}],"wp:attachment":[{"href":"https:\/\/masterplan-wissenschaft.de\/en\/wp-json\/wp\/v2\/media?parent=12571"}],"curies":[{"name":"wp","href":"https:\/\/api.w.org\/{rel}","templated":true}]}}